{"id":2177,"date":"2025-05-08T17:55:26","date_gmt":"2025-05-08T15:55:26","guid":{"rendered":"https:\/\/lalestudiocreatif.fr\/?page_id=2177"},"modified":"2025-09-13T10:52:00","modified_gmt":"2025-09-13T08:52:00","slug":"projet-futur-fab","status":"publish","type":"page","link":"https:\/\/lalestudiocreatif.fr\/index.php\/projets\/projet-futur-fab\/","title":{"rendered":"projet-futur-fab"},"content":{"rendered":"\t\t<div data-elementor-type=\"wp-page\" data-elementor-id=\"2177\" class=\"elementor elementor-2177\">\n\t\t\t\t\t\t\t<div class=\"elementor-element elementor-element-e173353 e-flex e-con-boxed wpr-particle-no wpr-jarallax-no wpr-parallax-no wpr-sticky-section-no e-con e-parent\" data-id=\"e173353\" data-element_type=\"container\" data-settings=\"{&quot;background_background&quot;:&quot;classic&quot;,&quot;content_width&quot;:&quot;boxed&quot;}\" data-core-v316-plus=\"true\">\n\t\t\t\t\t<div class=\"e-con-inner\">\n\t\t<div class=\"elementor-element elementor-element-d43d7c7 e-con-full e-flex wpr-particle-no wpr-jarallax-no wpr-parallax-no wpr-sticky-section-no e-con e-child\" data-id=\"d43d7c7\" data-element_type=\"container\" data-settings=\"{&quot;content_width&quot;:&quot;full&quot;}\">\n\t\t\t\t<div class=\"elementor-element elementor-element-86f5976 elementor-widget elementor-widget-heading\" data-id=\"86f5976\" data-element_type=\"widget\" data-widget_type=\"heading.default\">\n\t\t\t\t<div class=\"elementor-widget-container\">\n\t\t\t<style>\/*! elementor - v3.18.0 - 20-12-2023 *\/\n.elementor-heading-title{padding:0;margin:0;line-height:1}.elementor-widget-heading .elementor-heading-title[class*=elementor-size-]>a{color:inherit;font-size:inherit;line-height:inherit}.elementor-widget-heading .elementor-heading-title.elementor-size-small{font-size:15px}.elementor-widget-heading .elementor-heading-title.elementor-size-medium{font-size:19px}.elementor-widget-heading .elementor-heading-title.elementor-size-large{font-size:29px}.elementor-widget-heading .elementor-heading-title.elementor-size-xl{font-size:39px}.elementor-widget-heading .elementor-heading-title.elementor-size-xxl{font-size:59px}<\/style><h1 class=\"elementor-heading-title elementor-size-default\">Identit\u00e9 visuelle<\/h1>\t\t<\/div>\n\t\t\t\t<\/div>\n\t\t\t\t<div class=\"elementor-element elementor-element-10daba8 elementor-widget elementor-widget-heading\" data-id=\"10daba8\" data-element_type=\"widget\" data-widget_type=\"heading.default\">\n\t\t\t\t<div class=\"elementor-widget-container\">\n\t\t\t<h2 class=\"elementor-heading-title elementor-size-default\">client : Futur Fab<\/h2>\t\t<\/div>\n\t\t\t\t<\/div>\n\t\t\t\t<\/div>\n\t\t\t\t\t<\/div>\n\t\t\t\t<\/div>\n\t\t<div class=\"elementor-element elementor-element-0f5c951 e-flex e-con-boxed wpr-particle-no wpr-jarallax-no wpr-parallax-no wpr-sticky-section-no e-con e-parent\" data-id=\"0f5c951\" data-element_type=\"container\" data-settings=\"{&quot;background_background&quot;:&quot;classic&quot;,&quot;content_width&quot;:&quot;boxed&quot;}\" data-core-v316-plus=\"true\">\n\t\t\t\t\t<div class=\"e-con-inner\">\n\t\t<div class=\"elementor-element elementor-element-8c6a6d3 e-con-full e-flex wpr-particle-no wpr-jarallax-no wpr-parallax-no wpr-sticky-section-no e-con e-child\" data-id=\"8c6a6d3\" data-element_type=\"container\" data-settings=\"{&quot;content_width&quot;:&quot;full&quot;}\">\n\t\t\t\t<div class=\"elementor-element elementor-element-cf09cb7 elementor-position-top elementor-widget elementor-widget-image-box\" data-id=\"cf09cb7\" data-element_type=\"widget\" data-widget_type=\"image-box.default\">\n\t\t\t\t<div class=\"elementor-widget-container\">\n\t\t\t<style>\/*! elementor - v3.18.0 - 20-12-2023 *\/\n.elementor-widget-image-box .elementor-image-box-content{width:100%}@media (min-width:768px){.elementor-widget-image-box.elementor-position-left .elementor-image-box-wrapper,.elementor-widget-image-box.elementor-position-right .elementor-image-box-wrapper{display:flex}.elementor-widget-image-box.elementor-position-right .elementor-image-box-wrapper{text-align:right;flex-direction:row-reverse}.elementor-widget-image-box.elementor-position-left .elementor-image-box-wrapper{text-align:left;flex-direction:row}.elementor-widget-image-box.elementor-position-top .elementor-image-box-img{margin:auto}.elementor-widget-image-box.elementor-vertical-align-top .elementor-image-box-wrapper{align-items:flex-start}.elementor-widget-image-box.elementor-vertical-align-middle .elementor-image-box-wrapper{align-items:center}.elementor-widget-image-box.elementor-vertical-align-bottom .elementor-image-box-wrapper{align-items:flex-end}}@media (max-width:767px){.elementor-widget-image-box .elementor-image-box-img{margin-left:auto!important;margin-right:auto!important;margin-bottom:15px}}.elementor-widget-image-box .elementor-image-box-img{display:inline-block}.elementor-widget-image-box .elementor-image-box-title a{color:inherit}.elementor-widget-image-box .elementor-image-box-wrapper{text-align:center}.elementor-widget-image-box .elementor-image-box-description{margin:0}<\/style><div class=\"elementor-image-box-wrapper\"><figure class=\"elementor-image-box-img\"><a href=\"#\" tabindex=\"-1\"><img fetchpriority=\"high\" decoding=\"async\" width=\"2524\" height=\"1822\" src=\"https:\/\/lalestudiocreatif.fr\/wp-content\/uploads\/2025\/05\/futur-fab-charte.png\" class=\"attachment-full size-full wp-image-2188\" alt=\"agence de communication Tours logo graphiste Touraine identit\u00e9 visuelle\" srcset=\"https:\/\/lalestudiocreatif.fr\/wp-content\/uploads\/2025\/05\/futur-fab-charte.png 2524w, https:\/\/lalestudiocreatif.fr\/wp-content\/uploads\/2025\/05\/futur-fab-charte-300x217.png 300w, https:\/\/lalestudiocreatif.fr\/wp-content\/uploads\/2025\/05\/futur-fab-charte-1024x739.png 1024w, https:\/\/lalestudiocreatif.fr\/wp-content\/uploads\/2025\/05\/futur-fab-charte-768x554.png 768w, https:\/\/lalestudiocreatif.fr\/wp-content\/uploads\/2025\/05\/futur-fab-charte-1536x1109.png 1536w, https:\/\/lalestudiocreatif.fr\/wp-content\/uploads\/2025\/05\/futur-fab-charte-2048x1478.png 2048w\" sizes=\"(max-width: 2524px) 100vw, 2524px\" \/><\/a><\/figure><div class=\"elementor-image-box-content\"><h3 class=\"elementor-image-box-title\"><a href=\"#\">Nouvelle identit\u00e9 visuelle<\/a><\/h3><p class=\"elementor-image-box-description\">Mais il y a quoi dans une identit\u00e9 visuelle ? \nOn vous explique ici en d\u00e9tails. <\/p><\/div><\/div>\t\t<\/div>\n\t\t\t\t<\/div>\n\t\t\t\t<\/div>\n\t\t\t\t\t<\/div>\n\t\t\t\t<\/div>\n\t\t<div class=\"elementor-element elementor-element-8729397 e-flex e-con-boxed wpr-particle-no wpr-jarallax-no wpr-parallax-no wpr-sticky-section-no e-con e-parent\" data-id=\"8729397\" data-element_type=\"container\" data-settings=\"{&quot;content_width&quot;:&quot;boxed&quot;}\" data-core-v316-plus=\"true\">\n\t\t\t\t\t<div class=\"e-con-inner\">\n\t\t<div class=\"elementor-element elementor-element-34b0d18 e-con-full e-flex wpr-particle-no wpr-jarallax-no wpr-parallax-no wpr-sticky-section-no e-con e-child\" data-id=\"34b0d18\" data-element_type=\"container\" data-settings=\"{&quot;content_width&quot;:&quot;full&quot;}\">\n\t\t\t\t<div class=\"elementor-element elementor-element-7fd78d5 elementor-widget elementor-widget-image\" data-id=\"7fd78d5\" data-element_type=\"widget\" data-widget_type=\"image.default\">\n\t\t\t\t<div class=\"elementor-widget-container\">\n\t\t\t<style>\/*! elementor - v3.18.0 - 20-12-2023 *\/\n.elementor-widget-image{text-align:center}.elementor-widget-image a{display:inline-block}.elementor-widget-image a img[src$=\".svg\"]{width:48px}.elementor-widget-image img{vertical-align:middle;display:inline-block}<\/style>\t\t\t\t\t\t\t\t\t\t\t\t<img decoding=\"async\" width=\"141\" height=\"1024\" src=\"https:\/\/lalestudiocreatif.fr\/wp-content\/uploads\/2025\/05\/Capture-decran-2025-05-08-a-17.25.14-141x1024.png\" class=\"attachment-large size-large wp-image-2186\" alt=\"agence de communication Tours logo graphiste Touraine identit\u00e9 visuelle\" \/>\t\t\t\t\t\t\t\t\t\t\t\t\t\t\t<\/div>\n\t\t\t\t<\/div>\n\t\t\t\t<\/div>\n\t\t<div class=\"elementor-element elementor-element-95ced17 e-con-full e-flex wpr-particle-no wpr-jarallax-no wpr-parallax-no wpr-sticky-section-no e-con e-child\" data-id=\"95ced17\" data-element_type=\"container\" data-settings=\"{&quot;content_width&quot;:&quot;full&quot;}\">\n\t\t\t\t<div class=\"elementor-element elementor-element-df6f40c elementor-widget elementor-widget-image\" data-id=\"df6f40c\" data-element_type=\"widget\" data-widget_type=\"image.default\">\n\t\t\t\t<div class=\"elementor-widget-container\">\n\t\t\t\t\t\t\t\t\t\t\t\t\t\t\t<img decoding=\"async\" width=\"134\" height=\"1024\" src=\"https:\/\/lalestudiocreatif.fr\/wp-content\/uploads\/2025\/05\/Capture-decran-2025-05-08-a-17.24.55-134x1024.png\" class=\"attachment-large size-large wp-image-2185\" alt=\"agence de communication Tours logo graphiste Touraine identit\u00e9 visuelle\" srcset=\"https:\/\/lalestudiocreatif.fr\/wp-content\/uploads\/2025\/05\/Capture-decran-2025-05-08-a-17.24.55-134x1024.png 134w, https:\/\/lalestudiocreatif.fr\/wp-content\/uploads\/2025\/05\/Capture-decran-2025-05-08-a-17.24.55-201x1536.png 201w, https:\/\/lalestudiocreatif.fr\/wp-content\/uploads\/2025\/05\/Capture-decran-2025-05-08-a-17.24.55.png 222w\" sizes=\"(max-width: 134px) 100vw, 134px\" \/>\t\t\t\t\t\t\t\t\t\t\t\t\t\t\t<\/div>\n\t\t\t\t<\/div>\n\t\t\t\t<\/div>\n\t\t<div class=\"elementor-element elementor-element-5b01599 e-con-full e-flex wpr-particle-no wpr-jarallax-no wpr-parallax-no wpr-sticky-section-no e-con e-child\" data-id=\"5b01599\" data-element_type=\"container\" data-settings=\"{&quot;content_width&quot;:&quot;full&quot;}\">\n\t\t\t\t<div class=\"elementor-element elementor-element-4e04f7e elementor-widget elementor-widget-text-editor\" data-id=\"4e04f7e\" data-element_type=\"widget\" data-widget_type=\"text-editor.default\">\n\t\t\t\t<div class=\"elementor-widget-container\">\n\t\t\t<style>\/*! elementor - v3.18.0 - 20-12-2023 *\/\n.elementor-widget-text-editor.elementor-drop-cap-view-stacked .elementor-drop-cap{background-color:#69727d;color:#fff}.elementor-widget-text-editor.elementor-drop-cap-view-framed .elementor-drop-cap{color:#69727d;border:3px solid;background-color:transparent}.elementor-widget-text-editor:not(.elementor-drop-cap-view-default) .elementor-drop-cap{margin-top:8px}.elementor-widget-text-editor:not(.elementor-drop-cap-view-default) .elementor-drop-cap-letter{width:1em;height:1em}.elementor-widget-text-editor .elementor-drop-cap{float:left;text-align:center;line-height:1;font-size:50px}.elementor-widget-text-editor .elementor-drop-cap-letter{display:inline-block}<\/style>\t\t\t\t<p>Une identit\u00e9 visuelle, ce n\u2019est pas seulement un logo : c\u2019est l\u2019ensemble des \u00e9l\u00e9ments graphiques qui permettent de reconna\u00eetre une marque au premier coup d\u2019\u0153il. Elle comprend notamment les typographies choisies, les couleurs principales et secondaires, les d\u00e9clinaisons du logo (versions secondaire et tertiaire), ainsi que des \u00e9l\u00e9ments visuels r\u00e9currents comme des motifs, des pictogrammes ou des textures. Une bonne identit\u00e9 visuelle d\u00e9finit aussi des r\u00e8gles d\u2019utilisation pr\u00e9cises : tailles minimales pour l\u2019impression ou le digital, marges de s\u00e9curit\u00e9, associations \u00e0 \u00e9viter&#8230; On y retrouve souvent une section \u00ab\u00a0Do &amp; Don\u2019t\u00a0\u00bb (\u00e0 faire \/ \u00e0 \u00e9viter) qui guide l\u2019utilisation coh\u00e9rente de la charte, quel que soit le support. C\u2019est cet ensemble structur\u00e9 qui garantit une image de marque forte, professionnelle et homog\u00e8ne.<\/p>\t\t\t\t\t\t<\/div>\n\t\t\t\t<\/div>\n\t\t\t\t<\/div>\n\t\t\t\t\t<\/div>\n\t\t\t\t<\/div>\n\t\t<div class=\"elementor-element elementor-element-086d835 e-flex e-con-boxed wpr-particle-no wpr-jarallax-no wpr-parallax-no wpr-sticky-section-no e-con e-parent\" data-id=\"086d835\" data-element_type=\"container\" data-settings=\"{&quot;content_width&quot;:&quot;boxed&quot;}\" data-core-v316-plus=\"true\">\n\t\t\t\t\t<div class=\"e-con-inner\">\n\t\t\t\t<div class=\"elementor-element elementor-element-79d4a7c elementor-widget elementor-widget-image\" data-id=\"79d4a7c\" data-element_type=\"widget\" data-widget_type=\"image.default\">\n\t\t\t\t<div class=\"elementor-widget-container\">\n\t\t\t\t\t\t\t\t\t\t\t\t\t\t\t<img loading=\"lazy\" decoding=\"async\" width=\"1024\" height=\"577\" src=\"https:\/\/lalestudiocreatif.fr\/wp-content\/uploads\/2025\/05\/Capture-decran-2025-05-08-a-17.40.02-1024x577.png\" class=\"attachment-large size-large wp-image-2189\" alt=\"agence de communication Tours logo graphiste Touraine identit\u00e9 visuelle\" srcset=\"https:\/\/lalestudiocreatif.fr\/wp-content\/uploads\/2025\/05\/Capture-decran-2025-05-08-a-17.40.02-1024x577.png 1024w, https:\/\/lalestudiocreatif.fr\/wp-content\/uploads\/2025\/05\/Capture-decran-2025-05-08-a-17.40.02-300x169.png 300w, https:\/\/lalestudiocreatif.fr\/wp-content\/uploads\/2025\/05\/Capture-decran-2025-05-08-a-17.40.02-768x433.png 768w, https:\/\/lalestudiocreatif.fr\/wp-content\/uploads\/2025\/05\/Capture-decran-2025-05-08-a-17.40.02-1536x865.png 1536w, https:\/\/lalestudiocreatif.fr\/wp-content\/uploads\/2025\/05\/Capture-decran-2025-05-08-a-17.40.02.png 1956w\" sizes=\"(max-width: 1024px) 100vw, 1024px\" \/>\t\t\t\t\t\t\t\t\t\t\t\t\t\t\t<\/div>\n\t\t\t\t<\/div>\n\t\t\t\t\t<\/div>\n\t\t\t\t<\/div>\n\t\t<div class=\"elementor-element elementor-element-c9e37d4 e-flex e-con-boxed wpr-particle-no wpr-jarallax-no wpr-parallax-no wpr-sticky-section-no e-con e-parent\" data-id=\"c9e37d4\" data-element_type=\"container\" data-settings=\"{&quot;content_width&quot;:&quot;boxed&quot;}\" data-core-v316-plus=\"true\">\n\t\t\t\t\t<div class=\"e-con-inner\">\n\t\t\t\t<div class=\"elementor-element elementor-element-559f538 elementor-widget elementor-widget-image\" data-id=\"559f538\" data-element_type=\"widget\" data-widget_type=\"image.default\">\n\t\t\t\t<div class=\"elementor-widget-container\">\n\t\t\t\t\t\t\t\t\t\t\t\t\t\t\t<img loading=\"lazy\" decoding=\"async\" width=\"1024\" height=\"568\" src=\"https:\/\/lalestudiocreatif.fr\/wp-content\/uploads\/2025\/05\/Capture-decran-2025-05-08-a-17.40.10-1024x568.png\" class=\"attachment-large size-large wp-image-2190\" alt=\"agence de communication Tours logo graphiste Touraine identit\u00e9 visuelle\" srcset=\"https:\/\/lalestudiocreatif.fr\/wp-content\/uploads\/2025\/05\/Capture-decran-2025-05-08-a-17.40.10-1024x568.png 1024w, https:\/\/lalestudiocreatif.fr\/wp-content\/uploads\/2025\/05\/Capture-decran-2025-05-08-a-17.40.10-300x166.png 300w, https:\/\/lalestudiocreatif.fr\/wp-content\/uploads\/2025\/05\/Capture-decran-2025-05-08-a-17.40.10-768x426.png 768w, https:\/\/lalestudiocreatif.fr\/wp-content\/uploads\/2025\/05\/Capture-decran-2025-05-08-a-17.40.10-1536x851.png 1536w, https:\/\/lalestudiocreatif.fr\/wp-content\/uploads\/2025\/05\/Capture-decran-2025-05-08-a-17.40.10.png 1970w\" sizes=\"(max-width: 1024px) 100vw, 1024px\" \/>\t\t\t\t\t\t\t\t\t\t\t\t\t\t\t<\/div>\n\t\t\t\t<\/div>\n\t\t\t\t\t<\/div>\n\t\t\t\t<\/div>\n\t\t<div class=\"elementor-element elementor-element-0d7e0e2 e-flex e-con-boxed wpr-particle-no wpr-jarallax-no wpr-parallax-no wpr-sticky-section-no e-con e-parent\" data-id=\"0d7e0e2\" data-element_type=\"container\" data-settings=\"{&quot;content_width&quot;:&quot;boxed&quot;}\" data-core-v316-plus=\"true\">\n\t\t\t\t\t<div class=\"e-con-inner\">\n\t\t\t\t<div class=\"elementor-element elementor-element-bb6b6f0 elementor-widget elementor-widget-image\" data-id=\"bb6b6f0\" data-element_type=\"widget\" data-widget_type=\"image.default\">\n\t\t\t\t<div class=\"elementor-widget-container\">\n\t\t\t\t\t\t\t\t\t\t\t\t\t\t\t<img loading=\"lazy\" decoding=\"async\" width=\"1024\" height=\"576\" src=\"https:\/\/lalestudiocreatif.fr\/wp-content\/uploads\/2025\/05\/Capture-decran-2025-05-08-a-17.40.19-1024x576.png\" class=\"attachment-large size-large wp-image-2191\" alt=\"agence de communication Tours logo graphiste Touraine identit\u00e9 visuelle\" srcset=\"https:\/\/lalestudiocreatif.fr\/wp-content\/uploads\/2025\/05\/Capture-decran-2025-05-08-a-17.40.19-1024x576.png 1024w, https:\/\/lalestudiocreatif.fr\/wp-content\/uploads\/2025\/05\/Capture-decran-2025-05-08-a-17.40.19-300x169.png 300w, https:\/\/lalestudiocreatif.fr\/wp-content\/uploads\/2025\/05\/Capture-decran-2025-05-08-a-17.40.19-768x432.png 768w, https:\/\/lalestudiocreatif.fr\/wp-content\/uploads\/2025\/05\/Capture-decran-2025-05-08-a-17.40.19-1536x863.png 1536w, https:\/\/lalestudiocreatif.fr\/wp-content\/uploads\/2025\/05\/Capture-decran-2025-05-08-a-17.40.19.png 1950w\" sizes=\"(max-width: 1024px) 100vw, 1024px\" \/>\t\t\t\t\t\t\t\t\t\t\t\t\t\t\t<\/div>\n\t\t\t\t<\/div>\n\t\t\t\t\t<\/div>\n\t\t\t\t<\/div>\n\t\t<div class=\"elementor-element elementor-element-3fdc526 e-flex e-con-boxed wpr-particle-no wpr-jarallax-no wpr-parallax-no wpr-sticky-section-no e-con e-parent\" data-id=\"3fdc526\" data-element_type=\"container\" data-settings=\"{&quot;content_width&quot;:&quot;boxed&quot;}\" data-core-v316-plus=\"true\">\n\t\t\t\t\t<div class=\"e-con-inner\">\n\t\t\t\t<div class=\"elementor-element elementor-element-350e727 elementor-widget elementor-widget-image\" data-id=\"350e727\" data-element_type=\"widget\" data-widget_type=\"image.default\">\n\t\t\t\t<div class=\"elementor-widget-container\">\n\t\t\t\t\t\t\t\t\t\t\t\t\t\t\t<img loading=\"lazy\" decoding=\"async\" width=\"1024\" height=\"578\" src=\"https:\/\/lalestudiocreatif.fr\/wp-content\/uploads\/2025\/05\/Capture-decran-2025-05-08-a-17.40.24-1024x578.png\" class=\"attachment-large size-large wp-image-2192\" alt=\"agence de communication Tours logo graphiste Touraine identit\u00e9 visuelle\" srcset=\"https:\/\/lalestudiocreatif.fr\/wp-content\/uploads\/2025\/05\/Capture-decran-2025-05-08-a-17.40.24-1024x578.png 1024w, https:\/\/lalestudiocreatif.fr\/wp-content\/uploads\/2025\/05\/Capture-decran-2025-05-08-a-17.40.24-300x169.png 300w, https:\/\/lalestudiocreatif.fr\/wp-content\/uploads\/2025\/05\/Capture-decran-2025-05-08-a-17.40.24-768x433.png 768w, https:\/\/lalestudiocreatif.fr\/wp-content\/uploads\/2025\/05\/Capture-decran-2025-05-08-a-17.40.24-1536x866.png 1536w, https:\/\/lalestudiocreatif.fr\/wp-content\/uploads\/2025\/05\/Capture-decran-2025-05-08-a-17.40.24.png 1954w\" sizes=\"(max-width: 1024px) 100vw, 1024px\" \/>\t\t\t\t\t\t\t\t\t\t\t\t\t\t\t<\/div>\n\t\t\t\t<\/div>\n\t\t\t\t\t<\/div>\n\t\t\t\t<\/div>\n\t\t<div class=\"elementor-element elementor-element-ebd4bff e-flex e-con-boxed wpr-particle-no wpr-jarallax-no wpr-parallax-no wpr-sticky-section-no e-con e-parent\" data-id=\"ebd4bff\" data-element_type=\"container\" data-settings=\"{&quot;content_width&quot;:&quot;boxed&quot;}\" data-core-v316-plus=\"true\">\n\t\t\t\t\t<div class=\"e-con-inner\">\n\t\t<div class=\"elementor-element elementor-element-e585f95 e-con-full e-flex wpr-particle-no wpr-jarallax-no wpr-parallax-no wpr-sticky-section-no e-con e-child\" data-id=\"e585f95\" data-element_type=\"container\" data-settings=\"{&quot;content_width&quot;:&quot;full&quot;}\">\n\t\t\t\t<div class=\"elementor-element elementor-element-0d70d03 elementor-widget elementor-widget-image\" data-id=\"0d70d03\" data-element_type=\"widget\" data-widget_type=\"image.default\">\n\t\t\t\t<div class=\"elementor-widget-container\">\n\t\t\t\t\t\t\t\t\t\t\t\t\t\t\t<img loading=\"lazy\" decoding=\"async\" width=\"801\" height=\"1024\" src=\"https:\/\/lalestudiocreatif.fr\/wp-content\/uploads\/2025\/05\/Capture-decran-2025-05-08-a-17.40.31-801x1024.png\" class=\"attachment-large size-large wp-image-2193\" alt=\"agence de communication Tours logo graphiste Touraine identit\u00e9 visuelle\" srcset=\"https:\/\/lalestudiocreatif.fr\/wp-content\/uploads\/2025\/05\/Capture-decran-2025-05-08-a-17.40.31-801x1024.png 801w, https:\/\/lalestudiocreatif.fr\/wp-content\/uploads\/2025\/05\/Capture-decran-2025-05-08-a-17.40.31-235x300.png 235w, https:\/\/lalestudiocreatif.fr\/wp-content\/uploads\/2025\/05\/Capture-decran-2025-05-08-a-17.40.31-768x982.png 768w, https:\/\/lalestudiocreatif.fr\/wp-content\/uploads\/2025\/05\/Capture-decran-2025-05-08-a-17.40.31.png 860w\" sizes=\"(max-width: 801px) 100vw, 801px\" \/>\t\t\t\t\t\t\t\t\t\t\t\t\t\t\t<\/div>\n\t\t\t\t<\/div>\n\t\t\t\t<\/div>\n\t\t<div class=\"elementor-element elementor-element-9146438 e-con-full e-flex wpr-particle-no wpr-jarallax-no wpr-parallax-no wpr-sticky-section-no e-con e-child\" data-id=\"9146438\" data-element_type=\"container\" data-settings=\"{&quot;content_width&quot;:&quot;full&quot;}\">\n\t\t\t\t<div class=\"elementor-element elementor-element-639179a elementor-widget elementor-widget-text-editor\" data-id=\"639179a\" data-element_type=\"widget\" data-widget_type=\"text-editor.default\">\n\t\t\t\t<div class=\"elementor-widget-container\">\n\t\t\t\t\t\t\t<p>Une version simplifi\u00e9e est \u00e9galement fournie.<\/p><p>Elle peut \u00eatre utilis\u00e9e pour les photos de profil dans les r\u00e9seaux sociaux, ainsi que le favicon du site internet.\u00a0<\/p>\t\t\t\t\t\t<\/div>\n\t\t\t\t<\/div>\n\t\t\t\t<\/div>\n\t\t\t\t\t<\/div>\n\t\t\t\t<\/div>\n\t\t<div class=\"elementor-element elementor-element-c11e72b e-flex e-con-boxed wpr-particle-no wpr-jarallax-no wpr-parallax-no wpr-sticky-section-no e-con e-parent\" data-id=\"c11e72b\" data-element_type=\"container\" data-settings=\"{&quot;content_width&quot;:&quot;boxed&quot;}\" data-core-v316-plus=\"true\">\n\t\t\t\t\t<div class=\"e-con-inner\">\n\t\t\t\t<div class=\"elementor-element elementor-element-01dd433 elementor-widget elementor-widget-text-editor\" data-id=\"01dd433\" data-element_type=\"widget\" data-widget_type=\"text-editor.default\">\n\t\t\t\t<div class=\"elementor-widget-container\">\n\t\t\t\t\t\t\t<h3 data-start=\"1522\" data-end=\"1589\"><span style=\"font-style: inherit;\">Ce que les clients re\u00e7oivent :<\/span><\/h3><p>Les fichiers avec le logo principal, secondaire, en png, jpeg et pdf ;<br \/>Les versions noir et banc, comme montr\u00e9 ci-dessus ;<br \/><span style=\"font-style: inherit; font-weight: inherit;\">Le pdf avec la charte graphique ;<br \/>Et aussi des \u00e9l\u00e9ments visuels. On vous explique ici :<\/span><\/p>\t\t\t\t\t\t<\/div>\n\t\t\t\t<\/div>\n\t\t\t\t\t<\/div>\n\t\t\t\t<\/div>\n\t\t<div class=\"elementor-element elementor-element-466cc7c e-flex e-con-boxed wpr-particle-no wpr-jarallax-no wpr-parallax-no wpr-sticky-section-no e-con e-parent\" data-id=\"466cc7c\" data-element_type=\"container\" data-settings=\"{&quot;content_width&quot;:&quot;boxed&quot;}\" data-core-v316-plus=\"true\">\n\t\t\t\t\t<div class=\"e-con-inner\">\n\t\t<div class=\"elementor-element elementor-element-ac37f81 e-con-full e-flex wpr-particle-no wpr-jarallax-no wpr-parallax-no wpr-sticky-section-no e-con e-child\" data-id=\"ac37f81\" data-element_type=\"container\" data-settings=\"{&quot;content_width&quot;:&quot;full&quot;}\">\n\t\t\t\t<div class=\"elementor-element elementor-element-21a873f elementor-widget elementor-widget-image\" data-id=\"21a873f\" data-element_type=\"widget\" data-widget_type=\"image.default\">\n\t\t\t\t<div class=\"elementor-widget-container\">\n\t\t\t\t\t\t\t\t\t\t\t\t\t\t\t<img loading=\"lazy\" decoding=\"async\" width=\"1024\" height=\"645\" src=\"https:\/\/lalestudiocreatif.fr\/wp-content\/uploads\/2025\/05\/elements_Plan-de-travail-1-copie-1024x645.jpg\" class=\"attachment-large size-large wp-image-2195\" alt=\"agence de communication Tours logo graphiste Touraine identit\u00e9 visuelle\" srcset=\"https:\/\/lalestudiocreatif.fr\/wp-content\/uploads\/2025\/05\/elements_Plan-de-travail-1-copie-1024x645.jpg 1024w, https:\/\/lalestudiocreatif.fr\/wp-content\/uploads\/2025\/05\/elements_Plan-de-travail-1-copie-300x189.jpg 300w, https:\/\/lalestudiocreatif.fr\/wp-content\/uploads\/2025\/05\/elements_Plan-de-travail-1-copie-768x484.jpg 768w, https:\/\/lalestudiocreatif.fr\/wp-content\/uploads\/2025\/05\/elements_Plan-de-travail-1-copie-1536x967.jpg 1536w, https:\/\/lalestudiocreatif.fr\/wp-content\/uploads\/2025\/05\/elements_Plan-de-travail-1-copie-2048x1290.jpg 2048w\" sizes=\"(max-width: 1024px) 100vw, 1024px\" \/>\t\t\t\t\t\t\t\t\t\t\t\t\t\t\t<\/div>\n\t\t\t\t<\/div>\n\t\t\t\t<div class=\"elementor-element elementor-element-15dac66 elementor-widget elementor-widget-image\" data-id=\"15dac66\" data-element_type=\"widget\" data-widget_type=\"image.default\">\n\t\t\t\t<div class=\"elementor-widget-container\">\n\t\t\t\t\t\t\t\t\t\t\t\t\t\t\t<img loading=\"lazy\" decoding=\"async\" width=\"1024\" height=\"645\" src=\"https:\/\/lalestudiocreatif.fr\/wp-content\/uploads\/2025\/05\/elements_Plan-de-travail-1-copie-2-1024x645.jpg\" class=\"attachment-large size-large wp-image-2194\" alt=\"agence de communication Tours logo graphiste Touraine identit\u00e9 visuelle\" srcset=\"https:\/\/lalestudiocreatif.fr\/wp-content\/uploads\/2025\/05\/elements_Plan-de-travail-1-copie-2-1024x645.jpg 1024w, https:\/\/lalestudiocreatif.fr\/wp-content\/uploads\/2025\/05\/elements_Plan-de-travail-1-copie-2-300x189.jpg 300w, https:\/\/lalestudiocreatif.fr\/wp-content\/uploads\/2025\/05\/elements_Plan-de-travail-1-copie-2-768x484.jpg 768w, https:\/\/lalestudiocreatif.fr\/wp-content\/uploads\/2025\/05\/elements_Plan-de-travail-1-copie-2-1536x967.jpg 1536w, https:\/\/lalestudiocreatif.fr\/wp-content\/uploads\/2025\/05\/elements_Plan-de-travail-1-copie-2-2048x1290.jpg 2048w\" sizes=\"(max-width: 1024px) 100vw, 1024px\" \/>\t\t\t\t\t\t\t\t\t\t\t\t\t\t\t<\/div>\n\t\t\t\t<\/div>\n\t\t\t\t<\/div>\n\t\t<div class=\"elementor-element elementor-element-19b363a e-con-full e-flex wpr-particle-no wpr-jarallax-no wpr-parallax-no wpr-sticky-section-no e-con e-child\" data-id=\"19b363a\" data-element_type=\"container\" data-settings=\"{&quot;content_width&quot;:&quot;full&quot;}\">\n\t\t\t\t<div class=\"elementor-element elementor-element-6233329 elementor-widget elementor-widget-text-editor\" data-id=\"6233329\" data-element_type=\"widget\" data-widget_type=\"text-editor.default\">\n\t\t\t\t<div class=\"elementor-widget-container\">\n\t\t\t\t\t\t\t<h3 class=\"\" data-start=\"1315\" data-end=\"1348\">\u00c9l\u00e9ments visuels<\/h3><p class=\"\" data-start=\"1350\" data-end=\"1860\">Dans le pack d&rsquo;\u00e9l\u00e9ments que les clients re\u00e7oivent des \u00e9l\u00e9ments visuels qu&rsquo;ils peuvent utiliser dans leur diff\u00e9rents projets et supports. Ils sont fournis dans un format, adapt\u00e9 \u00e0 canva, et peuvent aussi changer les couleurs.<\/p><p class=\"\" data-start=\"1350\" data-end=\"1860\">\u00a0<\/p><p class=\"\" data-start=\"1350\" data-end=\"1860\">C&rsquo;est \u00e0 eux d&rsquo;exprimer leur cr\u00e9ativit\u00e9.\u00a0<\/p>\t\t\t\t\t\t<\/div>\n\t\t\t\t<\/div>\n\t\t\t\t<\/div>\n\t\t\t\t\t<\/div>\n\t\t\t\t<\/div>\n\t\t<div class=\"elementor-element elementor-element-7108640 e-flex e-con-boxed wpr-particle-no wpr-jarallax-no wpr-parallax-no wpr-sticky-section-no e-con e-parent\" data-id=\"7108640\" data-element_type=\"container\" data-settings=\"{&quot;content_width&quot;:&quot;boxed&quot;}\" data-core-v316-plus=\"true\">\n\t\t\t\t\t<div class=\"e-con-inner\">\n\t\t\t\t<div class=\"elementor-element elementor-element-2061067 elementor-widget elementor-widget-text-editor\" data-id=\"2061067\" data-element_type=\"widget\" data-widget_type=\"text-editor.default\">\n\t\t\t\t<div class=\"elementor-widget-container\">\n\t\t\t\t\t\t\t<p>Nous r\u00e9fl\u00e9chissons votre identit\u00e9 avec vous, pour vous ! Nous vous aidons \u00e0 transmettre votre passion et votre univers \u00e0 travvers un ensemble d\u2019\u00e9l\u00e9ments visuels !<\/p>\t\t\t\t\t\t<\/div>\n\t\t\t\t<\/div>\n\t\t\t\t\t<\/div>\n\t\t\t\t<\/div>\n\t\t<div class=\"elementor-element elementor-element-e818fa7 e-flex e-con-boxed wpr-particle-no wpr-jarallax-no wpr-parallax-no wpr-sticky-section-no e-con e-parent\" data-id=\"e818fa7\" data-element_type=\"container\" data-settings=\"{&quot;background_background&quot;:&quot;classic&quot;,&quot;content_width&quot;:&quot;boxed&quot;}\" data-core-v316-plus=\"true\">\n\t\t\t\t\t<div class=\"e-con-inner\">\n\t\t\t\t<div class=\"elementor-element elementor-element-f25f208 elementor-align-center elementor-widget elementor-widget-button\" data-id=\"f25f208\" data-element_type=\"widget\" data-widget_type=\"button.default\">\n\t\t\t\t<div class=\"elementor-widget-container\">\n\t\t\t\t\t<div class=\"elementor-button-wrapper\">\n\t\t\t<a class=\"elementor-button elementor-button-link elementor-size-xl\" href=\"https:\/\/lalestudiocreatif.fr\/index.php\/projets\/\">\n\t\t\t\t\t\t<span class=\"elementor-button-content-wrapper\">\n\t\t\t\t\t\t<span class=\"elementor-button-text\">voir tous les projets<\/span>\n\t\t<\/span>\n\t\t\t\t\t<\/a>\n\t\t<\/div>\n\t\t\t\t<\/div>\n\t\t\t\t<\/div>\n\t\t\t\t\t<\/div>\n\t\t\t\t<\/div>\n\t\t<div class=\"elementor-element elementor-element-bb9551d e-flex e-con-boxed wpr-particle-no wpr-jarallax-no wpr-parallax-no wpr-sticky-section-no e-con e-parent\" data-id=\"bb9551d\" data-element_type=\"container\" data-settings=\"{&quot;background_background&quot;:&quot;classic&quot;,&quot;content_width&quot;:&quot;boxed&quot;}\" data-core-v316-plus=\"true\">\n\t\t\t\t\t<div class=\"e-con-inner\">\n\t\t<div class=\"elementor-element elementor-element-515440c e-con-full e-flex wpr-particle-no wpr-jarallax-no wpr-parallax-no wpr-sticky-section-no e-con e-child\" data-id=\"515440c\" data-element_type=\"container\" data-settings=\"{&quot;content_width&quot;:&quot;full&quot;}\">\n\t\t\t\t<div class=\"elementor-element elementor-element-b4dd56b elementor-widget elementor-widget-heading\" data-id=\"b4dd56b\" data-element_type=\"widget\" data-widget_type=\"heading.default\">\n\t\t\t\t<div class=\"elementor-widget-container\">\n\t\t\t<h3 class=\"elementor-heading-title elementor-size-default\">Vous avez un projet ?<\/h3>\t\t<\/div>\n\t\t\t\t<\/div>\n\t\t\t\t<div class=\"elementor-element elementor-element-e072820 elementor-widget__width-auto elementor-widget elementor-widget-heading\" data-id=\"e072820\" data-element_type=\"widget\" data-widget_type=\"heading.default\">\n\t\t\t\t<div class=\"elementor-widget-container\">\n\t\t\t<h2 class=\"elementor-heading-title elementor-size-default\"><a href=\"https:\/\/lalestudiocreatif.fr\/index.php\/contact\/\">contactez-nous<\/a><\/h2>\t\t<\/div>\n\t\t\t\t<\/div>\n\t\t\t\t<\/div>\n\t\t\t\t\t<\/div>\n\t\t\t\t<\/div>\n\t\t\t\t\t\t\t<\/div>\n\t\t","protected":false},"excerpt":{"rendered":"<p>Identit\u00e9 visuelle client : Futur Fab Nouvelle identit\u00e9 visuelle Mais il y a quoi dans une identit\u00e9 visuelle ? On [&hellip;]<\/p>\n","protected":false},"author":1,"featured_media":2360,"parent":349,"menu_order":1,"comment_status":"closed","ping_status":"closed","template":"","meta":{"site-sidebar-layout":"no-sidebar","site-content-layout":"page-builder","ast-site-content-layout":"full-width-container","site-content-style":"unboxed","site-sidebar-style":"unboxed","ast-global-header-display":"","ast-banner-title-visibility":"","ast-main-header-display":"","ast-hfb-above-header-display":"","ast-hfb-below-header-display":"","ast-hfb-mobile-header-display":"","site-post-title":"disabled","ast-breadcrumbs-content":"","ast-featured-img":"disabled","footer-sml-layout":"","theme-transparent-header-meta":"enabled","adv-header-id-meta":"","stick-header-meta":"","header-above-stick-meta":"","header-main-stick-meta":"","header-below-stick-meta":"","astra-migrate-meta-layouts":"set","ast-page-background-enabled":"default","ast-page-background-meta":{"desktop":{"background-color":"var(--ast-global-color-4)","background-image":"","background-repeat":"repeat","background-position":"center center","background-size":"auto","background-attachment":"scroll","background-type":"","background-media":"","overlay-type":"","overlay-color":"","overlay-opacity":"","overlay-gradient":""},"tablet":{"background-color":"","background-image":"","background-repeat":"repeat","background-position":"center center","background-size":"auto","background-attachment":"scroll","background-type":"","background-media":"","overlay-type":"","overlay-color":"","overlay-opacity":"","overlay-gradient":""},"mobile":{"background-color":"","background-image":"","background-repeat":"repeat","background-position":"center center","background-size":"auto","background-attachment":"scroll","background-type":"","background-media":"","overlay-type":"","overlay-color":"","overlay-opacity":"","overlay-gradient":""}},"ast-content-background-meta":{"desktop":{"background-color":"var(--ast-global-color-5)","background-image":"","background-repeat":"repeat","background-position":"center center","background-size":"auto","background-attachment":"scroll","background-type":"","background-media":"","overlay-type":"","overlay-color":"","overlay-opacity":"","overlay-gradient":""},"tablet":{"background-color":"var(--ast-global-color-5)","background-image":"","background-repeat":"repeat","background-position":"center center","background-size":"auto","background-attachment":"scroll","background-type":"","background-media":"","overlay-type":"","overlay-color":"","overlay-opacity":"","overlay-gradient":""},"mobile":{"background-color":"var(--ast-global-color-5)","background-image":"","background-repeat":"repeat","background-position":"center center","background-size":"auto","background-attachment":"scroll","background-type":"","background-media":"","overlay-type":"","overlay-color":"","overlay-opacity":"","overlay-gradient":""}},"footnotes":""},"categories":[8],"tags":[],"yoast_head":"<!-- This site is optimized with the Yoast SEO plugin v22.2 - https:\/\/yoast.com\/wordpress\/plugins\/seo\/ -->\n<title>projet-futur-fab - Lal\u00e9 studio cr\u00e9atif - agence de communication Tours graphisme et illustration<\/title>\n<meta name=\"description\" content=\"Supports print et web pour l&#039;ouverture de la Manufacture Tourangelle : affiche, programmation et newsletters.\" \/>\n<meta name=\"robots\" content=\"index, follow, max-snippet:-1, max-image-preview:large, max-video-preview:-1\" \/>\n<link rel=\"canonical\" href=\"https:\/\/lalestudiocreatif.fr\/index.php\/projets\/projet-futur-fab\/\" \/>\n<meta property=\"og:locale\" content=\"fr_FR\" \/>\n<meta property=\"og:type\" content=\"article\" \/>\n<meta property=\"og:title\" content=\"projet-futur-fab - Lal\u00e9 studio cr\u00e9atif - agence de communication Tours graphisme et illustration\" \/>\n<meta property=\"og:description\" content=\"Supports print et web pour l&#039;ouverture de la Manufacture Tourangelle : affiche, programmation et newsletters.\" \/>\n<meta property=\"og:url\" content=\"https:\/\/lalestudiocreatif.fr\/index.php\/projets\/projet-futur-fab\/\" \/>\n<meta property=\"og:site_name\" content=\"Lal\u00e9 studio cr\u00e9atif - agence de communication Tours graphisme et illustration\" \/>\n<meta property=\"article:modified_time\" content=\"2025-09-13T08:52:00+00:00\" \/>\n<meta property=\"og:image\" content=\"http:\/\/lalestudiocreatif.fr\/wp-content\/uploads\/2025\/07\/mockup-loogo-RSx-e1753359381272.png\" \/>\n\t<meta property=\"og:image:width\" content=\"1198\" \/>\n\t<meta property=\"og:image:height\" content=\"1198\" \/>\n\t<meta property=\"og:image:type\" content=\"image\/png\" \/>\n<meta name=\"twitter:card\" content=\"summary_large_image\" \/>\n<meta name=\"twitter:label1\" content=\"Dur\u00e9e de lecture estim\u00e9e\" \/>\n\t<meta name=\"twitter:data1\" content=\"4 minutes\" \/>\n<script type=\"application\/ld+json\" class=\"yoast-schema-graph\">{\"@context\":\"https:\/\/schema.org\",\"@graph\":[{\"@type\":\"WebPage\",\"@id\":\"https:\/\/lalestudiocreatif.fr\/index.php\/projets\/projet-futur-fab\/\",\"url\":\"https:\/\/lalestudiocreatif.fr\/index.php\/projets\/projet-futur-fab\/\",\"name\":\"projet-futur-fab - Lal\u00e9 studio cr\u00e9atif - agence de communication Tours graphisme et illustration\",\"isPartOf\":{\"@id\":\"https:\/\/lalestudiocreatif.fr\/#website\"},\"primaryImageOfPage\":{\"@id\":\"https:\/\/lalestudiocreatif.fr\/index.php\/projets\/projet-futur-fab\/#primaryimage\"},\"image\":{\"@id\":\"https:\/\/lalestudiocreatif.fr\/index.php\/projets\/projet-futur-fab\/#primaryimage\"},\"thumbnailUrl\":\"https:\/\/lalestudiocreatif.fr\/wp-content\/uploads\/2025\/07\/mockup-loogo-RSx-e1753359381272.png\",\"datePublished\":\"2025-05-08T15:55:26+00:00\",\"dateModified\":\"2025-09-13T08:52:00+00:00\",\"description\":\"Supports print et web pour l'ouverture de la Manufacture Tourangelle : affiche, programmation et newsletters.\",\"breadcrumb\":{\"@id\":\"https:\/\/lalestudiocreatif.fr\/index.php\/projets\/projet-futur-fab\/#breadcrumb\"},\"inLanguage\":\"fr-FR\",\"potentialAction\":[{\"@type\":\"ReadAction\",\"target\":[\"https:\/\/lalestudiocreatif.fr\/index.php\/projets\/projet-futur-fab\/\"]}]},{\"@type\":\"ImageObject\",\"inLanguage\":\"fr-FR\",\"@id\":\"https:\/\/lalestudiocreatif.fr\/index.php\/projets\/projet-futur-fab\/#primaryimage\",\"url\":\"https:\/\/lalestudiocreatif.fr\/wp-content\/uploads\/2025\/07\/mockup-loogo-RSx-e1753359381272.png\",\"contentUrl\":\"https:\/\/lalestudiocreatif.fr\/wp-content\/uploads\/2025\/07\/mockup-loogo-RSx-e1753359381272.png\",\"width\":1198,\"height\":1198},{\"@type\":\"BreadcrumbList\",\"@id\":\"https:\/\/lalestudiocreatif.fr\/index.php\/projets\/projet-futur-fab\/#breadcrumb\",\"itemListElement\":[{\"@type\":\"ListItem\",\"position\":1,\"name\":\"Accueil\",\"item\":\"https:\/\/lalestudiocreatif.fr\/\"},{\"@type\":\"ListItem\",\"position\":2,\"name\":\"Projets\",\"item\":\"https:\/\/lalestudiocreatif.fr\/index.php\/projets\/\"},{\"@type\":\"ListItem\",\"position\":3,\"name\":\"projet-futur-fab\"}]},{\"@type\":\"WebSite\",\"@id\":\"https:\/\/lalestudiocreatif.fr\/#website\",\"url\":\"https:\/\/lalestudiocreatif.fr\/\",\"name\":\"Lal\u00e9 studio cr\u00e9atif - agence de communication Tours graphisme et illustration\",\"description\":\"graphiste | agence de communication Tours\",\"publisher\":{\"@id\":\"https:\/\/lalestudiocreatif.fr\/#organization\"},\"potentialAction\":[{\"@type\":\"SearchAction\",\"target\":{\"@type\":\"EntryPoint\",\"urlTemplate\":\"https:\/\/lalestudiocreatif.fr\/?s={search_term_string}\"},\"query-input\":\"required name=search_term_string\"}],\"inLanguage\":\"fr-FR\"},{\"@type\":\"Organization\",\"@id\":\"https:\/\/lalestudiocreatif.fr\/#organization\",\"name\":\"Lal\u00e9 studio cr\u00e9atif - agence de communication Tours graphisme et illustration\",\"url\":\"https:\/\/lalestudiocreatif.fr\/\",\"logo\":{\"@type\":\"ImageObject\",\"inLanguage\":\"fr-FR\",\"@id\":\"https:\/\/lalestudiocreatif.fr\/#\/schema\/logo\/image\/\",\"url\":\"https:\/\/lalestudiocreatif.fr\/wp-content\/uploads\/2024\/06\/cropped-cropped-lale-logo-2024-2.png\",\"contentUrl\":\"https:\/\/lalestudiocreatif.fr\/wp-content\/uploads\/2024\/06\/cropped-cropped-lale-logo-2024-2.png\",\"width\":2461,\"height\":944,\"caption\":\"Lal\u00e9 studio cr\u00e9atif - agence de communication Tours graphisme et illustration\"},\"image\":{\"@id\":\"https:\/\/lalestudiocreatif.fr\/#\/schema\/logo\/image\/\"}}]}<\/script>\n<!-- \/ Yoast SEO plugin. -->","yoast_head_json":{"title":"projet-futur-fab - Lal\u00e9 studio cr\u00e9atif - agence de communication Tours graphisme et illustration","description":"Supports print et web pour l'ouverture de la Manufacture Tourangelle : affiche, programmation et newsletters.","robots":{"index":"index","follow":"follow","max-snippet":"max-snippet:-1","max-image-preview":"max-image-preview:large","max-video-preview":"max-video-preview:-1"},"canonical":"https:\/\/lalestudiocreatif.fr\/index.php\/projets\/projet-futur-fab\/","og_locale":"fr_FR","og_type":"article","og_title":"projet-futur-fab - Lal\u00e9 studio cr\u00e9atif - agence de communication Tours graphisme et illustration","og_description":"Supports print et web pour l'ouverture de la Manufacture Tourangelle : affiche, programmation et newsletters.","og_url":"https:\/\/lalestudiocreatif.fr\/index.php\/projets\/projet-futur-fab\/","og_site_name":"Lal\u00e9 studio cr\u00e9atif - agence de communication Tours graphisme et illustration","article_modified_time":"2025-09-13T08:52:00+00:00","og_image":[{"width":1198,"height":1198,"url":"http:\/\/lalestudiocreatif.fr\/wp-content\/uploads\/2025\/07\/mockup-loogo-RSx-e1753359381272.png","type":"image\/png"}],"twitter_card":"summary_large_image","twitter_misc":{"Dur\u00e9e de lecture estim\u00e9e":"4 minutes"},"schema":{"@context":"https:\/\/schema.org","@graph":[{"@type":"WebPage","@id":"https:\/\/lalestudiocreatif.fr\/index.php\/projets\/projet-futur-fab\/","url":"https:\/\/lalestudiocreatif.fr\/index.php\/projets\/projet-futur-fab\/","name":"projet-futur-fab - Lal\u00e9 studio cr\u00e9atif - agence de communication Tours graphisme et illustration","isPartOf":{"@id":"https:\/\/lalestudiocreatif.fr\/#website"},"primaryImageOfPage":{"@id":"https:\/\/lalestudiocreatif.fr\/index.php\/projets\/projet-futur-fab\/#primaryimage"},"image":{"@id":"https:\/\/lalestudiocreatif.fr\/index.php\/projets\/projet-futur-fab\/#primaryimage"},"thumbnailUrl":"https:\/\/lalestudiocreatif.fr\/wp-content\/uploads\/2025\/07\/mockup-loogo-RSx-e1753359381272.png","datePublished":"2025-05-08T15:55:26+00:00","dateModified":"2025-09-13T08:52:00+00:00","description":"Supports print et web pour l'ouverture de la Manufacture Tourangelle : affiche, programmation et newsletters.","breadcrumb":{"@id":"https:\/\/lalestudiocreatif.fr\/index.php\/projets\/projet-futur-fab\/#breadcrumb"},"inLanguage":"fr-FR","potentialAction":[{"@type":"ReadAction","target":["https:\/\/lalestudiocreatif.fr\/index.php\/projets\/projet-futur-fab\/"]}]},{"@type":"ImageObject","inLanguage":"fr-FR","@id":"https:\/\/lalestudiocreatif.fr\/index.php\/projets\/projet-futur-fab\/#primaryimage","url":"https:\/\/lalestudiocreatif.fr\/wp-content\/uploads\/2025\/07\/mockup-loogo-RSx-e1753359381272.png","contentUrl":"https:\/\/lalestudiocreatif.fr\/wp-content\/uploads\/2025\/07\/mockup-loogo-RSx-e1753359381272.png","width":1198,"height":1198},{"@type":"BreadcrumbList","@id":"https:\/\/lalestudiocreatif.fr\/index.php\/projets\/projet-futur-fab\/#breadcrumb","itemListElement":[{"@type":"ListItem","position":1,"name":"Accueil","item":"https:\/\/lalestudiocreatif.fr\/"},{"@type":"ListItem","position":2,"name":"Projets","item":"https:\/\/lalestudiocreatif.fr\/index.php\/projets\/"},{"@type":"ListItem","position":3,"name":"projet-futur-fab"}]},{"@type":"WebSite","@id":"https:\/\/lalestudiocreatif.fr\/#website","url":"https:\/\/lalestudiocreatif.fr\/","name":"Lal\u00e9 studio cr\u00e9atif - agence de communication Tours graphisme et illustration","description":"graphiste | agence de communication Tours","publisher":{"@id":"https:\/\/lalestudiocreatif.fr\/#organization"},"potentialAction":[{"@type":"SearchAction","target":{"@type":"EntryPoint","urlTemplate":"https:\/\/lalestudiocreatif.fr\/?s={search_term_string}"},"query-input":"required name=search_term_string"}],"inLanguage":"fr-FR"},{"@type":"Organization","@id":"https:\/\/lalestudiocreatif.fr\/#organization","name":"Lal\u00e9 studio cr\u00e9atif - agence de communication Tours graphisme et illustration","url":"https:\/\/lalestudiocreatif.fr\/","logo":{"@type":"ImageObject","inLanguage":"fr-FR","@id":"https:\/\/lalestudiocreatif.fr\/#\/schema\/logo\/image\/","url":"https:\/\/lalestudiocreatif.fr\/wp-content\/uploads\/2024\/06\/cropped-cropped-lale-logo-2024-2.png","contentUrl":"https:\/\/lalestudiocreatif.fr\/wp-content\/uploads\/2024\/06\/cropped-cropped-lale-logo-2024-2.png","width":2461,"height":944,"caption":"Lal\u00e9 studio cr\u00e9atif - agence de communication Tours graphisme et illustration"},"image":{"@id":"https:\/\/lalestudiocreatif.fr\/#\/schema\/logo\/image\/"}}]}},"_links":{"self":[{"href":"https:\/\/lalestudiocreatif.fr\/index.php\/wp-json\/wp\/v2\/pages\/2177"}],"collection":[{"href":"https:\/\/lalestudiocreatif.fr\/index.php\/wp-json\/wp\/v2\/pages"}],"about":[{"href":"https:\/\/lalestudiocreatif.fr\/index.php\/wp-json\/wp\/v2\/types\/page"}],"author":[{"embeddable":true,"href":"https:\/\/lalestudiocreatif.fr\/index.php\/wp-json\/wp\/v2\/users\/1"}],"replies":[{"embeddable":true,"href":"https:\/\/lalestudiocreatif.fr\/index.php\/wp-json\/wp\/v2\/comments?post=2177"}],"version-history":[{"count":14,"href":"https:\/\/lalestudiocreatif.fr\/index.php\/wp-json\/wp\/v2\/pages\/2177\/revisions"}],"predecessor-version":[{"id":2364,"href":"https:\/\/lalestudiocreatif.fr\/index.php\/wp-json\/wp\/v2\/pages\/2177\/revisions\/2364"}],"up":[{"embeddable":true,"href":"https:\/\/lalestudiocreatif.fr\/index.php\/wp-json\/wp\/v2\/pages\/349"}],"wp:featuredmedia":[{"embeddable":true,"href":"https:\/\/lalestudiocreatif.fr\/index.php\/wp-json\/wp\/v2\/media\/2360"}],"wp:attachment":[{"href":"https:\/\/lalestudiocreatif.fr\/index.php\/wp-json\/wp\/v2\/media?parent=2177"}],"wp:term":[{"taxonomy":"category","embeddable":true,"href":"https:\/\/lalestudiocreatif.fr\/index.php\/wp-json\/wp\/v2\/categories?post=2177"},{"taxonomy":"post_tag","embeddable":true,"href":"https:\/\/lalestudiocreatif.fr\/index.php\/wp-json\/wp\/v2\/tags?post=2177"}],"curies":[{"name":"wp","href":"https:\/\/api.w.org\/{rel}","templated":true}]}}